{"id":3,"date":"2021-09-13T16:22:47","date_gmt":"2021-09-13T16:22:47","guid":{"rendered":"https:\/\/www.leoschule-luenen.de\/wordpress\/?page_id=3"},"modified":"2026-02-11T17:31:31","modified_gmt":"2026-02-11T17:31:31","slug":"privacy-policy","status":"publish","type":"page","link":"https:\/\/www.leoschule-luenen.de\/index.php\/privacy-policy\/","title":{"rendered":"Datenschutz"},"content":{"rendered":"\n<h2 class=\"wp-block-heading alignfull\">Datenschutz<\/h2>\n\n\n\n<h3 class=\"wp-block-heading alignfull\">1. Datenschutz &#8211; Sie haben das Recht auf den Schutz Ihrer Daten<\/h3>\n\n\n\n<div class=\"wp-block-columns alignfull is-layout-flex wp-container-core-columns-is-layout-28f84493 wp-block-columns-is-layout-flex\">\n<div class=\"wp-block-column is-layout-flow wp-block-column-is-layout-flow\" style=\"flex-basis:100%\">\n<p>Wir freuen uns \u00fcber Ihren Besuch auf unserer Website. Wir versichern Ihnen, dass uns der Schutz Ihrer personenbezogenen Daten sehr wichtig ist.<\/p>\n<\/div>\n<\/div>\n\n\n\n<div class=\"wp-block-columns alignfull is-layout-flex wp-container-core-columns-is-layout-28f84493 wp-block-columns-is-layout-flex\">\n<div class=\"wp-block-column is-layout-flow wp-block-column-is-layout-flow\" style=\"flex-basis:100%\">\n<p>Alle Informationen zum Datenschutzgesetz k\u00f6nnen Sie auf diesen Websites erfahren:<\/p>\n<\/div>\n<\/div>\n\n\n\n<div class=\"wp-block-columns alignfull is-layout-flex wp-container-core-columns-is-layout-28f84493 wp-block-columns-is-layout-flex\">\n<div class=\"wp-block-column is-layout-flow wp-block-column-is-layout-flow\" style=\"flex-basis:100%\">\n<p><a href=\"http:\/\/eur-lex.europa.eu\/legal-content\/DE\/TXT\/?uri=CELEX%3A32016R0679\">http:\/\/eur-lex.europa.eu\/legal-content\/DE\/TXT\/?uri=CELEX%3A32016R0679<\/a><\/p>\n<\/div>\n<\/div>\n\n\n\n<div class=\"wp-block-columns alignfull is-layout-flex wp-container-core-columns-is-layout-28f84493 wp-block-columns-is-layout-flex\">\n<div class=\"wp-block-column is-layout-flow wp-block-column-is-layout-flow\" style=\"flex-basis:100%\">\n<p><a href=\"http:\/\/eur-lex.europa.eu\/legal-content\/DE\/TXT\/PDF\/?uri=CELEX:32016R0679&amp;from=DE\">http:\/\/eur-lex.europa.eu\/legal-content\/DE\/TXT\/PDF\/?uri=CELEX:32016R0679&amp;from=DE<\/a><\/p>\n<\/div>\n<\/div>\n\n\n\n<div class=\"wp-block-columns alignfull is-layout-flex wp-container-core-columns-is-layout-28f84493 wp-block-columns-is-layout-flex\">\n<div class=\"wp-block-column is-layout-flow wp-block-column-is-layout-flow\" style=\"flex-basis:100%\">\n<p>Die Datenschutzerkl\u00e4rung erkl\u00e4rt,&nbsp;<strong>welche<\/strong>&nbsp;Daten wir speichern,&nbsp;<strong>wof\u00fcr<\/strong>&nbsp;wir sie nutzen,&nbsp;<strong>wem<\/strong>&nbsp;wir sie offenlegen und\/oder weitergeben.<\/p>\n<\/div>\n<\/div>\n\n\n\n<p>Sind Ihnen einzelne Begriffe nicht bekannt?<\/p>\n\n\n\n<figure class=\"wp-block-table\"><table><tbody><tr><td>Cookies<\/td><td>Cookies sind kleine Datein, die beim Aurfruf einer Website auf Ihrem Computer gespeichert werden. Beim erneuten Aufruf dieser Website werden Sie durch Cookies erkannt. Die Website wird automatisch f\u00fcr Sie angepasst. Ein Cookies wird auch zur Nutzungsanalyse verwendet werden.<\/td><\/tr><tr><td>Browser<\/td><td>Die Software, die f\u00fcr das Aufrufen von Websiten verwendet wird.<\/td><\/tr><tr><td>SSL<\/td><td>SSL ist eine Verschl\u00fcsselungsmethode, die den Datenverkehr zwischen Ihnen und der der Website anpasst. Sie erkennen  die aktive Verschl\u00fcsselung an einem Schloss-Symbol in der Adressleiste Ihres Browsers.<\/td><\/tr><tr><td>Referrer URL<\/td><td>Nutzen Sie einen Link auf dieser Website, wird die Adresse (URL) der vorherigen Seite an die Ziel-Seite \u00fcbermittelt.<\/td><\/tr><tr><td>DSGVO<\/td><td>Datenschutzgrundverordnung der EU<\/td><\/tr><tr><td>IP Adresse<\/td><td>Die IP-Adresse identifiziert jedes Ger\u00e4t, welches mit dem Internet verbunden ist. \u00dcber sie kann die geografische Lage ermittelt werden.<\/td><\/tr><tr><td>Hostname<\/td><td>Ein Hostname ist ein lesbarer Name, der auf eine IP-Adresse zeigt.<\/td><\/tr><tr><td>Hosting<\/td><td>Das sog. Hosting bezeichnet den Betrieb von Internetanwendungen wie dieser Website.<\/td><\/tr><\/tbody><\/table><\/figure>\n\n\n\n<div class=\"wp-block-columns alignfull is-layout-flex wp-container-core-columns-is-layout-28f84493 wp-block-columns-is-layout-flex\">\n<div class=\"wp-block-column is-layout-flow wp-block-column-is-layout-flow\" style=\"flex-basis:100%\">\n<p>Wir weisen darauf hin, dass bei Daten\u00fcbertragungen im Internet (z.B. bei der Kommunikation per E-Mail, Eingaben auf Websites) ein l\u00fcckenloser Schutz Ihrer Daten vor dem Zugriff durch Dritte nicht m\u00f6glich ist. Wir haben technische Ma\u00dfnahmen getroffen, um Ihre Daten angemessen zu sch\u00fctzen.<\/p>\n<\/div>\n<\/div>\n\n\n\n<div class=\"wp-block-columns alignfull is-layout-flex wp-container-core-columns-is-layout-28f84493 wp-block-columns-is-layout-flex\">\n<div class=\"wp-block-column is-layout-flow wp-block-column-is-layout-flow\" style=\"flex-basis:100%\">\n<p>Wir weisen darauf hin, dass bei Daten\u00fcbertragungen im Internet (z.B. bei der Kommunikation per E-Mail, Eingaben auf Websites) ein l\u00fcckenloser Schutz Ihrer Daten vor dem Zugriff durch Dritte nicht m\u00f6glich ist. Wir haben technische Ma\u00dfnahmen getroffen, um Ihre Daten angemessen zu sch\u00fctzen.<\/p>\n<\/div>\n<\/div>\n\n\n\n<h4 class=\"wp-block-heading\">Verantwortlicher f\u00fcr die Datenverarbeitung<\/h4>\n\n\n\n<p>Die verantwortliche Stelle f\u00fcr die Datenverarbeitung auf dieser Website ist:<\/p>\n\n\n\n<p>Leoschule&nbsp;<br>Hubertusstra\u00dfe 3\u2028<br>44532 L\u00fcnen<\/p>\n\n\n\n<p>Telefon: 0 23 06 \/ 981244-00<\/p>\n\n\n\n<p>Schultr\u00e4ger<\/p>\n\n\n\n<p>Stadt L\u00fcnen (vertreten durch die B\u00fcrgermeisterin)\u2028<br>Willy-Brandt-Platz 1,&nbsp;<br>44532 L\u00fcnen\u2028<br><br>Telefon: 02306\/104-0\u2028<br>Telefax: 02306\/104-14604<br><br><\/p>\n\n\n\n<h4 class=\"wp-block-heading\">Sonstige<\/h4>\n\n\n\n<p>Schulamt f\u00fcr den Kreis Unna<br>Parkstra\u00dfe 40b<br>59425 Unna<br>Telefon: 02303\/27-1940<\/p>\n\n\n\n<p>2. Wir erkl\u00e4ren welche Daten wir speichern, wof\u00fcr wir sie nutzen, wem wir sie offenlegen und\/oder weitergeben.<\/p>\n\n\n\n<p>Datenschutzerkl\u00e4rung<\/p>\n\n\n\n<p>Verantwortlicher und Datenschutzbeauftragter<\/p>\n\n\n\n<p>Verantwortlicher<\/p>\n\n\n\n<p>Verantwortlicher gem. Art. 4 Abs. 7 EU-Datenschutz-Grundverordnung (EU-DSGVO) ist<\/p>\n\n\n\n<p>Matthias Flechtner, Hubertusstr. 3, 44532 L\u00fcnen<sup>1<\/sup><\/p>\n\n\n\n<p>Datenschutzbeauftragter<\/p>\n\n\n\n<p>Sie erreichen unseren Datenschutzbeauftragten unter:&nbsp;<\/p>\n\n\n\n<p>Datenschutzbeauftragter f\u00fcr die Schulen im Kreis Unna<br>Schulamt Kreis Unna<br>Parkstr. 42<br>59425 Unna<\/p>\n\n\n\n<p>Tel. 02303 27-1548<br>E-Mail: <a href=\"mailto:datenschutzbeauftragter.schulamt@kreis-unna.de\">datenschutzbeauftragter.schulamt@kreis-unna.de<\/a><\/p>\n\n\n\n<p>Informationen \u00fcber die Erhebung personenbezogener Daten, Speicherdauer<\/p>\n\n\n\n<ul class=\"wp-block-list\">\n<li>Im Folgenden informieren wir \u00fcber die Erhebung personenbezogener Daten bei Nutzung unserer Website. Personenbezogene Daten sind alle Daten, die auf Sie pers\u00f6nlich beziehbar sind, z. B. Name, Adresse, E-Mail-Adressen, Nutzerverhalten.<\/li>\n\n\n\n<li>Bei Ihrer Kontaktaufnahme mit uns per E-Mail<sup>3<\/sup> oder \u00fcber ein Kontaktformular werden die von Ihnen mitgeteilten Daten (Ihre E-Mail-Adresse, ggf. Ihr Name und Ihre Telefonnummer) von uns gespeichert, um Ihre Fragen zu beantworten. Die in diesem Zusammenhang anfallenden Daten l\u00f6schen wir, nachdem die Speicherung nicht mehr erforderlich ist, oder schr\u00e4nken die Verarbeitung ein, falls gesetzliche Aufbewahrungspflichten bestehen.<\/li>\n\n\n\n<li>Falls wir f\u00fcr einzelne Funktionen unseres Angebots auf beauftragte Dienstleister zur\u00fcckgreifen oder Ihre Daten f\u00fcr werbliche Zwecke nutzen m\u00f6chten, werden wir Sie untenstehend im Detail \u00fcber die jeweiligen Vorg\u00e4nge informieren. Dabei nennen wir auch die festgelegten Kriterien der Speicherdauer.<sup>4<\/sup><\/li>\n<\/ul>\n\n\n\n<p>Ihre Rechte<\/p>\n\n\n\n<ul class=\"wp-block-list\">\n<li>Hinsichtlich der Sie betreffenden personenbezogenen Daten, die auf dieser Webseite verarbeitet werden, haben Sie uns gegen\u00fcber folgende Rechte:\n<ul class=\"wp-block-list\">\n<li>Recht auf Auskunft,<\/li>\n\n\n\n<li>Recht auf Berichtigung oder L\u00f6schung,<\/li>\n\n\n\n<li>Recht auf Einschr\u00e4nkung der Verarbeitung,<\/li>\n\n\n\n<li>Recht auf Widerspruch gegen die Verarbeitung,<\/li>\n\n\n\n<li>Recht auf Daten\u00fcbertragbarkeit.<\/li>\n<\/ul>\n<\/li>\n\n\n\n<li>Sie haben zudem das Recht, sich bei einer Datenschutz-Aufsichtsbeh\u00f6rde \u00fcber die Verarbeitung Ihrer personenbezogenen Daten durch uns zu beschweren.<\/li>\n<\/ul>\n\n\n\n<p>Landesbeauftragte f\u00fcr Datenschutz und Informationsfreiheit<br>Nordrhein-Westfalen<br>Postfach 20 04 44<br>40102 D\u00fcsseldorf<br>Tel.: 0211\/38424-0<br>Fax: 0211\/38424-10<br>E-Mail: poststelle@ldi.nrw.de<\/p>\n\n\n\n<ul class=\"wp-block-list\">\n<li>Werden personenbezogene Daten an ein Drittland oder an eine internationale Organisation \u00fcbermittelt, so haben Sie das Recht, \u00fcber die geeigneten Garantien gem\u00e4\u00df Art. 46 EU-DSGVO im Zusammenhang mit der \u00dcbermittlung unterrichtet zu werden.<sup>5<\/sup><\/li>\n<\/ul>\n\n\n\n<p>Sicherheit<\/p>\n\n\n\n<p>SSL-Verschl\u00fcsselung<\/p>\n\n\n\n<p>Aus Gr\u00fcnden der Sicherheit und zum Schutz der \u00dcbertragung vertraulicher Inhalte, wie zum Beispiel der Anfragen, die Sie an uns als Seitenbetreiber senden, nutzt diese Seite eine SSL-Verschl\u00fcsselung. Eine verschl\u00fcsselte Verbindung erkennen Sie daran, dass die Adresszeile des Browsers von \u201ehttp:\/\/\u201c auf \u201ehttps:\/\/\u201c wechselt und an dem Schloss-Symbol in der Adresszeile Ihres Browsers.<\/p>\n\n\n\n<p>Wenn die SSL Verschl\u00fcsselung aktiviert ist, k\u00f6nnen die Daten, die Sie an uns \u00fcbermitteln, nicht von Dritten mitgelesen werden.<\/p>\n\n\n\n<p>Erhebung und Zweck personenbezogener Daten bei Besuch unserer Website<\/p>\n\n\n\n<p>Server Log Dateien<\/p>\n\n\n\n<p>Bei der blo\u00df informatorischen Nutzung der Website, also wenn Sie sich nicht registrieren oder uns anderweitig Informationen \u00fcbermitteln, erheben wir nur die personenbezogenen Daten, die Ihr Browser an unseren Server \u00fcbermittelt. Wenn Sie unsere Website betrachten m\u00f6chten, erheben wir die folgenden Daten, die f\u00fcr uns technisch erforderlich sind, um Ihnen unsere Website anzuzeigen und die Stabilit\u00e4t und Sicherheit zu gew\u00e4hrleisten (Rechtsgrundlage ist Art. 6 Abs. 1 S. 1 lit. f EU-DSGVO):<\/p>\n\n\n\n<ul class=\"wp-block-list\">\n<li>IP-Adresse<\/li>\n\n\n\n<li>Datum und Uhrzeit der Anfrage<\/li>\n\n\n\n<li>Zeitzonendifferenz zur Greenwich Mean Time (GMT)<\/li>\n\n\n\n<li>Inhalt der Anforderung (konkrete Seite)<\/li>\n\n\n\n<li>Zugriffsstatus\/HTTP-Statuscode<\/li>\n\n\n\n<li>jeweils \u00fcbertragene Datenmenge<\/li>\n\n\n\n<li>Website, von der die Anforderung kommt<\/li>\n\n\n\n<li>Browser<\/li>\n\n\n\n<li>Betriebssystem und dessen Oberfl\u00e4che<\/li>\n\n\n\n<li>Sprache und Version der Browsersoftware.<\/li>\n<\/ul>\n\n\n\n<p>Cookies<\/p>\n\n\n\n<p>Zus\u00e4tzlich zu den zuvor genannten Daten werden bei Ihrer Nutzung unserer Website Cookies auf Ihrem Rechner gespeichert. Bei Cookies handelt es sich um kleine Textdateien, die auf Ihrer Festplatte dem von Ihnen verwendeten Browser zugeordnet gespeichert werden und durch welche der Stelle, die den Cookie setzt (hier durch uns), bestimmte Informationen zuflie\u00dfen. Cookies k\u00f6nnen keine Programme ausf\u00fchren oder Viren auf Ihren Computer \u00fcbertragen. Sie dienen dazu, das Internetangebot insgesamt nutzerfreundlicher und effektiver zu machen.<\/p>\n\n\n\n<p>Es werden dabei folgende Arten von Cookies verwendet:<sup>6<\/sup><\/p>\n\n\n\n<ol class=\"wp-block-list\">\n<li>Diese Website nutzt folgende Arten von Cookies, deren Umfang und Funktionsweise im Folgenden erl\u00e4utert werden:\n<ol class=\"wp-block-list\">\n<li>Transiente Cookies (dazu 2)<\/li>\n\n\n\n<li>Persistente Cookies (dazu 3).<\/li>\n\n\n\n<li>Transiente Cookies werden automatisiert gel\u00f6scht, wenn Sie den Browser schlie\u00dfen. Dazu z\u00e4hlen insbesondere die Session-Cookies. Diese speichern eine sogenannte Session-ID, mit welcher sich verschiedene Anfragen Ihres Browsers der gemeinsamen Sitzung zuordnen lassen. Dadurch kann Ihr Rechner wiedererkannt werden, wenn Sie auf unsere Website zur\u00fcckkehren. Die Session-Cookies werden gel\u00f6scht, wenn Sie sich ausloggen oder den Browser schlie\u00dfen.<\/li>\n\n\n\n<li>Persistente Cookies werden automatisiert nach einer vorgegebenen Dauer gel\u00f6scht, die sich je nach Cookie unterscheiden kann. Sie k\u00f6nnen die Cookies in den Sicherheitseinstellungen Ihres Browsers jederzeit l\u00f6schen.<\/li>\n\n\n\n<li>Sie k\u00f6nnen Ihre Browser-Einstellung entsprechend Ihren W\u00fcnschen konfigurieren und z. B. die Annahme von Third-Party-Cookies oder allen Cookies ablehnen. Wir weisen Sie darauf hin, dass Sie eventuell nicht alle Funktionen dieser Website nutzen k\u00f6nnen.<\/li>\n\n\n\n<li>[Wir setzen Cookies ein, um Sie f\u00fcr Folgebesuche identifizieren zu k\u00f6nnen, falls Sie \u00fcber einen Account bei uns verf\u00fcgen. Andernfalls m\u00fcssten Sie sich f\u00fcr jeden Besuch erneut einloggen.] <sup>7<\/sup><br>Ist nur von Belang, wenn es f\u00fcr Lehrkr\u00e4fte und\/oder Sch\u00fcler eine M\u00f6glichkeit gibt, sich einzuloggen in einen internen Bereich. Falls nicht zutreffend, diese Passage l\u00f6schen.<\/li>\n\n\n\n<li>[Die genutzten Flash-Cookies werden nicht durch Ihren Browser erfasst, sondern durch Ihr Flash-Plug-in. Weiterhin nutzen wir HTML5 storage objects, die auf Ihrem Endger\u00e4t abgelegt werden. Diese Objekte speichern die erforderlichen Daten unabh\u00e4ngig von Ihrem verwendeten Browser und haben kein automatisches Ablaufdatum. Wenn Sie keine Verarbeitung der Flash- Cookies w\u00fcnschen, m\u00fcssen Sie ein entsprechendes Add-On installieren, z. B. \u201e Privacy Badger\u201c f\u00fcr Mozilla Firefox (<a href=\"https:\/\/addons.mozilla.org\/de\/firefox\/addon\/privacy-badger17\/\">https:\/\/addons.mozilla.org\/de\/firefox\/addon\/privacy-badger17\/<\/a>) oder das Adobe- Flash-Killer-Cookie f\u00fcr Google Chrome. Die Nutzung von HTML5 storage objects k\u00f6nnen Sie verhindern, indem Sie in Ihrem Browser den privaten Modus einsetzen. Zudem empfehlen wir, regelm\u00e4\u00dfig Ihre Cookies und den Browser-Verlauf manuell zu l\u00f6schen.]<sup>8<\/sup><br>Kommt nur in Frage, wenn Flash Cookies zum Einsatz kommen.<\/li>\n<\/ol>\n<\/li>\n<\/ol>\n\n\n\n<p>Kontaktformular<\/p>\n\n\n\n<p>Wenn Sie uns per Kontaktformular Anfragen zukommen lassen, werden Ihre Angaben aus dem Anfrageformular inklusive der von Ihnen dort angegebenen Kontaktdaten zwecks Bearbeitung der Anfrage und f\u00fcr den Fall von Anschlussfragen bei uns gespeichert. Diese Daten geben wir nicht ohne Ihre Einwilligung weiter. Die gespeicherten Informationen werden gel\u00f6scht, sobald die Bearbeitung Ihre Anfrage abgeschlossen wurde.<\/p>\n\n\n\n<p>Video \u2013 YouTube<\/p>\n\n\n\n<p>Auf unserer Seite verwenden wir Youtube Videos, um \u00fcber das Schulleben zu berichten und im Rahmen des Flipped Classroom zus\u00e4tzliche Lernangebote f\u00fcr den Unterricht und das Lernen zu Hause bereitzustellen. Da es nicht m\u00f6glich ist, die Videos lokal auf unserem Server zu hosten, nutzen wir das Angebot von YouTube, einem Drittanbieter. Technisch bedingt kommt es durch die Einbindung von YouTube Videos zu Aufrufen der Server von YouTube.&nbsp;An den YouTube-Server werden dabei Daten Ihres Browsers bzw. Ihres Endger\u00e4tes \u00fcbermittelt. Es wird dabei auch \u00fcbermittelt, welche unserer Internetseiten Sie besucht haben. Sind Sie dabei als Mitglied bei YouTube eingeloggt, ordnet YouTube diese Information Ihrem pers\u00f6nlichen Benutzerkonto zu. Sie k\u00f6nnen diese Zuordnung verhindern, indem Sie sich vor der Nutzung unserer Internetseite aus Ihrem YouTube-Benutzerkonto sowie anderen Benutzerkonten der Firmen YouTube LLC und Google Inc. abmelden und die entsprechenden Cookies der Firmen l\u00f6schen.<\/p>\n\n\n\n<p>F\u00fcr die mit dem Abspielen eines Videos verbundene Verwendung von Daten Ihres Browsers bzw. Endger\u00e4tes verweisen wir auf die Datenschutzhinweise des Anbieters. Weitere Informationen zur Datenverarbeitung und Hinweise zum Datenschutz durch YouTube (Google) finden Sie unter <a href=\"http:\/\/www.google.de\/intl\/de\/policies\/privacy\/\">www.google.de\/intl\/de\/policies\/privacy\/<\/a>.<sup>9<\/sup><\/p>\n\n\n\n<p>Google Fonts<\/p>\n\n\n\n<p>Unsere Homepage verwendet zur Darstellung der Schrift sogenannte Webfonts.<sup>11<\/sup> Bereitgestellt werden diese von Google (<a href=\"http:\/\/www.google.com\/webfonts\">http:\/\/www.google.com\/webfonts<\/a>\/). <sup>12<\/sup>Beim Aufrufen unserer Website l\u00e4dt Ihr Browser die ben\u00f6tigten Webfonts von einem Google Server in Ihren Browsercache, wobei Informationen aus Ihrem Browser an Google zur\u00fcckflie\u00dfen. Durch die Google Webfonts kann Ihr Browser eine optisch verbesserte Darstellung unserer Texte anzeigen. Falls Ihr Browser diese Funktion nicht unterst\u00fctzt, wird eine Standardschrift von Ihrem Computer geladen und zur Anzeige des Textes genutzt. [Die Funktion ist uns durch den Websiteanbieter vorgegeben und kann nicht deaktiviert werden.]<sup>13<\/sup><\/p>\n\n\n\n<p>Weitergehende Informationen zu Google Webfonts finden Sie unter <a href=\"https:\/\/developers.google.com\/fonts\/faq?hl=de-DE&amp;csw=1\">https:\/\/developers.google.com\/fonts\/faq?hl=de-DE&amp;csw=1<\/a><\/p>\n\n\n\n<p>Allgemeine Informationen zum Thema Datenschutz bei Google finden sie unter <a href=\"http:\/\/www.google.com\/intl\/de-DE\/policies\/privacy\/\">http:\/\/www.google.com\/intl\/de-DE\/policies\/privacy\/<\/a><\/p>\n\n\n\n<p>E-Mail<\/p>\n\n\n\n<p>Wenn Sie unsere Schule \u00fcber eine der auf der Homepage angegebenen E-Mail Adressen kontaktieren, werden die Daten der E-Mail von uns gespeichert, bis die Bearbeitung Ihrer Anfrage abgeschlossen ist. Bitte beachten Sie, dass per E-Mail \u00fcber das Internet verschickte Daten ohne Verschl\u00fcsselung nicht&nbsp;vor der unbefugten Kenntnisnahme durch Dritte gesch\u00fctzt sind. F\u00fcr die \u00dcbermittlung vertraulicher Informationen bitten wir Sie in Ihrem Interesse, eine andere Kommunikationsform zu w\u00e4hlen.<sup>14<\/sup><\/p>\n\n\n\n<p>Widerspruch Werbe-Mails<\/p>\n\n\n\n<p>Wir widersprechen hiermit ausdr\u00fccklich der Nutzung von im Rahmen der Impressumspflicht ver\u00f6ffentlichten Kontaktdaten zur \u00dcbersendung von nicht ausdr\u00fccklich angeforderter Werbung und Informationsmaterialien. Im Falle einer unverlangten Zusendung von Werbeinformationen, etwa durch Spam-E-Mails,&nbsp; behalten sich die Betreiber dieser Seiten ausdr\u00fccklich rechtliche Schritte vor.<sup>15<\/sup><\/p>\n\n\n\n<h3 class=\"wp-block-heading\">3. Wir m\u00f6chten Rechtsstreitigkeiten vermeiden:<\/h3>\n\n\n\n<p>Im Falle der Geltendmachung von Anspr\u00fcchen jeglicher Art aus urheber-, wettbewerbsrechtlichen sowie markenrechtlichen Angelegenheiten bitten wir, zur Vermeidung unn\u00f6tiger Rechtsstreitigkeiten, Abmahnungen und Kosten, uns umgehend zu kontaktieren. Falls Anspr\u00fcche der oben genannten Art reklamiert werden, sagen wir bereits hier vor einer endg\u00fcltigen rechtsverbindlichen Kl\u00e4rung Abhilfe zu, durch die eine eventuelle Wiederholungsgefahr verbindlich ausgeschlossen ist. Eine dennoch ergehende Kostennote einer anwaltlichen Abmahnung ohne vorhergehende Kontaktaufnahme w\u00fcrde sodann wegen nicht Beachtung einer Schadensminderungspflicht zur\u00fcckgewiesen. Bei in diesem Sinne unn\u00f6tigen bzw. unberechtigten Abmahnungen und Folgema\u00dfnahmen w\u00fcrde mit einer negativen Feststellungsklage beantwortet.Die EU-Kommission stellt eine Plattform f\u00fcr au\u00dfergerichtliche Streitschlichtung bereit. Die Streitbeilegungs-Plattform finden Sie hier:&nbsp;<a href=\"http:\/\/ec.europa.eu\/consumers\/odr\/\">http:\/\/ec.europa.eu\/consumers\/odr\/<\/a><\/p>\n","protected":false},"excerpt":{"rendered":"<p>Datenschutz 1. Datenschutz &#8211; Sie haben das Recht auf den Schutz Ihrer Daten Wir freuen uns \u00fcber Ihren Besuch auf unserer Website. Wir versichern Ihnen, dass uns der Schutz Ihrer personenbezogenen Daten sehr wichtig ist. Alle Informationen zum Datenschutzgesetz k\u00f6nnen Sie auf diesen Websites erfahren: http:\/\/eur-lex.europa.eu\/legal-content\/DE\/TXT\/?uri=CELEX%3A32016R0679 http:\/\/eur-lex.europa.eu\/legal-content\/DE\/TXT\/PDF\/?uri=CELEX:32016R0679&amp;from=DE Die Datenschutzerkl\u00e4rung erkl\u00e4rt,&nbsp;welche&nbsp;Daten wir speichern,&nbsp;wof\u00fcr&nbsp;wir sie nutzen,&nbsp;wem&nbsp;wir sie [&hellip;]<\/p>\n","protected":false},"author":1,"featured_media":0,"parent":0,"menu_order":0,"comment_status":"closed","ping_status":"closed","template":"","meta":{"site-sidebar-layout":"default","site-content-layout":"default","ast-site-content-layout":"default","site-content-style":"default","site-sidebar-style":"default","ast-global-header-display":"","ast-banner-title-visibility":"","ast-main-header-display":"","ast-hfb-above-header-display":"","ast-hfb-below-header-display":"","ast-hfb-mobile-header-display":"","site-post-title":"","ast-breadcrumbs-content":"","ast-featured-img":"","footer-sml-layout":"","ast-disable-related-posts":"","theme-transparent-header-meta":"default","adv-header-id-meta":"","stick-header-meta":"","header-above-stick-meta":"","header-main-stick-meta":"","header-below-stick-meta":"","astra-migrate-meta-layouts":"set","ast-page-background-enabled":"default","ast-page-background-meta":{"desktop":{"background-color":"var(--ast-global-color-4)","background-image":"","background-repeat":"repeat","background-position":"center center","background-size":"auto","background-attachment":"scroll","background-type":"","background-media":"","overlay-type":"","overlay-color":"","overlay-opacity":"","overlay-gradient":""},"tablet":{"background-color":"","background-image":"","background-repeat":"repeat","background-position":"center center","background-size":"auto","background-attachment":"scroll","background-type":"","background-media":"","overlay-type":"","overlay-color":"","overlay-opacity":"","overlay-gradient":""},"mobile":{"background-color":"","background-image":"","background-repeat":"repeat","background-position":"center center","background-size":"auto","background-attachment":"scroll","background-type":"","background-media":"","overlay-type":"","overlay-color":"","overlay-opacity":"","overlay-gradient":""}},"ast-content-background-meta":{"desktop":{"background-color":"var(--ast-global-color-5)","background-image":"","background-repeat":"repeat","background-position":"center center","background-size":"auto","background-attachment":"scroll","background-type":"","background-media":"","overlay-type":"","overlay-color":"","overlay-opacity":"","overlay-gradient":""},"tablet":{"background-color":"var(--ast-global-color-5)","background-image":"","background-repeat":"repeat","background-position":"center center","background-size":"auto","background-attachment":"scroll","background-type":"","background-media":"","overlay-type":"","overlay-color":"","overlay-opacity":"","overlay-gradient":""},"mobile":{"background-color":"var(--ast-global-color-5)","background-image":"","background-repeat":"repeat","background-position":"center center","background-size":"auto","background-attachment":"scroll","background-type":"","background-media":"","overlay-type":"","overlay-color":"","overlay-opacity":"","overlay-gradient":""}},"footnotes":""},"class_list":["post-3","page","type-page","status-publish","hentry"],"yoast_head":"<!-- This site is optimized with the Yoast SEO plugin v27.5 - https:\/\/yoast.com\/product\/yoast-seo-wordpress\/ -->\n<title>Datenschutz - Leoschule L\u00fcnen<\/title>\n<meta name=\"robots\" content=\"index, follow, max-snippet:-1, max-image-preview:large, max-video-preview:-1\" \/>\n<link rel=\"canonical\" href=\"https:\/\/www.leoschule-luenen.de\/index.php\/privacy-policy\/\" \/>\n<meta property=\"og:locale\" content=\"de_DE\" \/>\n<meta property=\"og:type\" content=\"article\" \/>\n<meta property=\"og:title\" content=\"Datenschutz - Leoschule L\u00fcnen\" \/>\n<meta property=\"og:description\" content=\"Datenschutz 1. Datenschutz &#8211; Sie haben das Recht auf den Schutz Ihrer Daten Wir freuen uns \u00fcber Ihren Besuch auf unserer Website. Wir versichern Ihnen, dass uns der Schutz Ihrer personenbezogenen Daten sehr wichtig ist. Alle Informationen zum Datenschutzgesetz k\u00f6nnen Sie auf diesen Websites erfahren: http:\/\/eur-lex.europa.eu\/legal-content\/DE\/TXT\/?uri=CELEX%3A32016R0679 http:\/\/eur-lex.europa.eu\/legal-content\/DE\/TXT\/PDF\/?uri=CELEX:32016R0679&amp;from=DE Die Datenschutzerkl\u00e4rung erkl\u00e4rt,&nbsp;welche&nbsp;Daten wir speichern,&nbsp;wof\u00fcr&nbsp;wir sie nutzen,&nbsp;wem&nbsp;wir sie [&hellip;]\" \/>\n<meta property=\"og:url\" content=\"https:\/\/www.leoschule-luenen.de\/index.php\/privacy-policy\/\" \/>\n<meta property=\"og:site_name\" content=\"Leoschule L\u00fcnen\" \/>\n<meta property=\"article:modified_time\" content=\"2026-02-11T17:31:31+00:00\" \/>\n<meta name=\"twitter:card\" content=\"summary_large_image\" \/>\n<meta name=\"twitter:label1\" content=\"Gesch\u00e4tzte Lesezeit\" \/>\n\t<meta name=\"twitter:data1\" content=\"11\u00a0Minuten\" \/>\n<script type=\"application\/ld+json\" class=\"yoast-schema-graph\">{\"@context\":\"https:\\\/\\\/schema.org\",\"@graph\":[{\"@type\":\"WebPage\",\"@id\":\"https:\\\/\\\/www.leoschule-luenen.de\\\/index.php\\\/privacy-policy\\\/\",\"url\":\"https:\\\/\\\/www.leoschule-luenen.de\\\/index.php\\\/privacy-policy\\\/\",\"name\":\"Datenschutz - Leoschule L\u00fcnen\",\"isPartOf\":{\"@id\":\"https:\\\/\\\/www.leoschule-luenen.de\\\/#website\"},\"datePublished\":\"2021-09-13T16:22:47+00:00\",\"dateModified\":\"2026-02-11T17:31:31+00:00\",\"breadcrumb\":{\"@id\":\"https:\\\/\\\/www.leoschule-luenen.de\\\/index.php\\\/privacy-policy\\\/#breadcrumb\"},\"inLanguage\":\"de\",\"potentialAction\":[{\"@type\":\"ReadAction\",\"target\":[\"https:\\\/\\\/www.leoschule-luenen.de\\\/index.php\\\/privacy-policy\\\/\"]}]},{\"@type\":\"BreadcrumbList\",\"@id\":\"https:\\\/\\\/www.leoschule-luenen.de\\\/index.php\\\/privacy-policy\\\/#breadcrumb\",\"itemListElement\":[{\"@type\":\"ListItem\",\"position\":1,\"name\":\"Startseite\",\"item\":\"https:\\\/\\\/www.leoschule-luenen.de\\\/\"},{\"@type\":\"ListItem\",\"position\":2,\"name\":\"Datenschutz\"}]},{\"@type\":\"WebSite\",\"@id\":\"https:\\\/\\\/www.leoschule-luenen.de\\\/#website\",\"url\":\"https:\\\/\\\/www.leoschule-luenen.de\\\/\",\"name\":\"Leoschule L\u00fcnen\",\"description\":\"St\u00e4dtische Katholische Grundschule\",\"publisher\":{\"@id\":\"https:\\\/\\\/www.leoschule-luenen.de\\\/#organization\"},\"potentialAction\":[{\"@type\":\"SearchAction\",\"target\":{\"@type\":\"EntryPoint\",\"urlTemplate\":\"https:\\\/\\\/www.leoschule-luenen.de\\\/?s={search_term_string}\"},\"query-input\":{\"@type\":\"PropertyValueSpecification\",\"valueRequired\":true,\"valueName\":\"search_term_string\"}}],\"inLanguage\":\"de\"},{\"@type\":\"Organization\",\"@id\":\"https:\\\/\\\/www.leoschule-luenen.de\\\/#organization\",\"name\":\"Leoschule\",\"url\":\"https:\\\/\\\/www.leoschule-luenen.de\\\/\",\"logo\":{\"@type\":\"ImageObject\",\"inLanguage\":\"de\",\"@id\":\"https:\\\/\\\/www.leoschule-luenen.de\\\/#\\\/schema\\\/logo\\\/image\\\/\",\"url\":\"https:\\\/\\\/www.leoschule-luenen.de\\\/wp-content\\\/uploads\\\/2021\\\/09\\\/cropped-LeoLogo-2.jpg\",\"contentUrl\":\"https:\\\/\\\/www.leoschule-luenen.de\\\/wp-content\\\/uploads\\\/2021\\\/09\\\/cropped-LeoLogo-2.jpg\",\"width\":342,\"height\":342,\"caption\":\"Leoschule\"},\"image\":{\"@id\":\"https:\\\/\\\/www.leoschule-luenen.de\\\/#\\\/schema\\\/logo\\\/image\\\/\"}}]}<\/script>\n<!-- \/ Yoast SEO plugin. -->","yoast_head_json":{"title":"Datenschutz - Leoschule L\u00fcnen","robots":{"index":"index","follow":"follow","max-snippet":"max-snippet:-1","max-image-preview":"max-image-preview:large","max-video-preview":"max-video-preview:-1"},"canonical":"https:\/\/www.leoschule-luenen.de\/index.php\/privacy-policy\/","og_locale":"de_DE","og_type":"article","og_title":"Datenschutz - Leoschule L\u00fcnen","og_description":"Datenschutz 1. Datenschutz &#8211; Sie haben das Recht auf den Schutz Ihrer Daten Wir freuen uns \u00fcber Ihren Besuch auf unserer Website. Wir versichern Ihnen, dass uns der Schutz Ihrer personenbezogenen Daten sehr wichtig ist. Alle Informationen zum Datenschutzgesetz k\u00f6nnen Sie auf diesen Websites erfahren: http:\/\/eur-lex.europa.eu\/legal-content\/DE\/TXT\/?uri=CELEX%3A32016R0679 http:\/\/eur-lex.europa.eu\/legal-content\/DE\/TXT\/PDF\/?uri=CELEX:32016R0679&amp;from=DE Die Datenschutzerkl\u00e4rung erkl\u00e4rt,&nbsp;welche&nbsp;Daten wir speichern,&nbsp;wof\u00fcr&nbsp;wir sie nutzen,&nbsp;wem&nbsp;wir sie [&hellip;]","og_url":"https:\/\/www.leoschule-luenen.de\/index.php\/privacy-policy\/","og_site_name":"Leoschule L\u00fcnen","article_modified_time":"2026-02-11T17:31:31+00:00","twitter_card":"summary_large_image","twitter_misc":{"Gesch\u00e4tzte Lesezeit":"11\u00a0Minuten"},"schema":{"@context":"https:\/\/schema.org","@graph":[{"@type":"WebPage","@id":"https:\/\/www.leoschule-luenen.de\/index.php\/privacy-policy\/","url":"https:\/\/www.leoschule-luenen.de\/index.php\/privacy-policy\/","name":"Datenschutz - Leoschule L\u00fcnen","isPartOf":{"@id":"https:\/\/www.leoschule-luenen.de\/#website"},"datePublished":"2021-09-13T16:22:47+00:00","dateModified":"2026-02-11T17:31:31+00:00","breadcrumb":{"@id":"https:\/\/www.leoschule-luenen.de\/index.php\/privacy-policy\/#breadcrumb"},"inLanguage":"de","potentialAction":[{"@type":"ReadAction","target":["https:\/\/www.leoschule-luenen.de\/index.php\/privacy-policy\/"]}]},{"@type":"BreadcrumbList","@id":"https:\/\/www.leoschule-luenen.de\/index.php\/privacy-policy\/#breadcrumb","itemListElement":[{"@type":"ListItem","position":1,"name":"Startseite","item":"https:\/\/www.leoschule-luenen.de\/"},{"@type":"ListItem","position":2,"name":"Datenschutz"}]},{"@type":"WebSite","@id":"https:\/\/www.leoschule-luenen.de\/#website","url":"https:\/\/www.leoschule-luenen.de\/","name":"Leoschule L\u00fcnen","description":"St\u00e4dtische Katholische Grundschule","publisher":{"@id":"https:\/\/www.leoschule-luenen.de\/#organization"},"potentialAction":[{"@type":"SearchAction","target":{"@type":"EntryPoint","urlTemplate":"https:\/\/www.leoschule-luenen.de\/?s={search_term_string}"},"query-input":{"@type":"PropertyValueSpecification","valueRequired":true,"valueName":"search_term_string"}}],"inLanguage":"de"},{"@type":"Organization","@id":"https:\/\/www.leoschule-luenen.de\/#organization","name":"Leoschule","url":"https:\/\/www.leoschule-luenen.de\/","logo":{"@type":"ImageObject","inLanguage":"de","@id":"https:\/\/www.leoschule-luenen.de\/#\/schema\/logo\/image\/","url":"https:\/\/www.leoschule-luenen.de\/wp-content\/uploads\/2021\/09\/cropped-LeoLogo-2.jpg","contentUrl":"https:\/\/www.leoschule-luenen.de\/wp-content\/uploads\/2021\/09\/cropped-LeoLogo-2.jpg","width":342,"height":342,"caption":"Leoschule"},"image":{"@id":"https:\/\/www.leoschule-luenen.de\/#\/schema\/logo\/image\/"}}]}},"_links":{"self":[{"href":"https:\/\/www.leoschule-luenen.de\/index.php\/wp-json\/wp\/v2\/pages\/3","targetHints":{"allow":["GET"]}}],"collection":[{"href":"https:\/\/www.leoschule-luenen.de\/index.php\/wp-json\/wp\/v2\/pages"}],"about":[{"href":"https:\/\/www.leoschule-luenen.de\/index.php\/wp-json\/wp\/v2\/types\/page"}],"author":[{"embeddable":true,"href":"https:\/\/www.leoschule-luenen.de\/index.php\/wp-json\/wp\/v2\/users\/1"}],"replies":[{"embeddable":true,"href":"https:\/\/www.leoschule-luenen.de\/index.php\/wp-json\/wp\/v2\/comments?post=3"}],"version-history":[{"count":6,"href":"https:\/\/www.leoschule-luenen.de\/index.php\/wp-json\/wp\/v2\/pages\/3\/revisions"}],"predecessor-version":[{"id":2603,"href":"https:\/\/www.leoschule-luenen.de\/index.php\/wp-json\/wp\/v2\/pages\/3\/revisions\/2603"}],"wp:attachment":[{"href":"https:\/\/www.leoschule-luenen.de\/index.php\/wp-json\/wp\/v2\/media?parent=3"}],"curies":[{"name":"wp","href":"https:\/\/api.w.org\/{rel}","templated":true}]}}