{"id":1829,"date":"2024-05-06T05:10:44","date_gmt":"2024-05-06T05:10:44","guid":{"rendered":"https:\/\/www.leoschule-luenen.de\/?page_id=1829"},"modified":"2024-05-06T05:14:51","modified_gmt":"2024-05-06T05:14:51","slug":"autorenlesung-mit-anja-froehlich","status":"publish","type":"page","link":"https:\/\/www.leoschule-luenen.de\/index.php\/autorenlesung-mit-anja-froehlich\/","title":{"rendered":"Autorenlesung mit Anja Fr\u00f6hlich im April 2024"},"content":{"rendered":"\n<p><strong>Dreik\u00f6nigsstiftung unterst\u00fctzt erneut Autorenlesungen an der Leoschule<\/strong><\/p>\n\n\n\n<p>Zum mittlerweile dreizehnten Mal fand am Freitag die j\u00e4hrliche Kinderbuchautorenlesung an der Leoschule statt.<\/p>\n\n\n\n<p>Patchworkfamilien sind in der heutigen Zeit nichts Ungew\u00f6hnliches mehr und f\u00fcr immer mehr Kinder gelebte Normalit\u00e4t. Viele Kinder haben \u00e4lteren oder j\u00fcngere Halbgeschwister und m\u00fcssen dann mit diesen pl\u00f6tzlich und manchmal auch ungewollt zusammenleben. Wenn dann der \u00e4ltere Halbbruder eine Klasse wiederholen muss und auf einmal in die Klasse der j\u00fcngeren Halbschwester kommt, kann es schon mal zu Spannungen und Irritationen kommen.<\/p>\n\n\n\n<p>Genau um diese Lebenssituation geht es in der Buchreihe \u201eDas ungeheimste Tagebuch der Welt\u201c von Anja Fr\u00f6hlich. Die K\u00f6lner Kinderbuchautorin war am Freitag, 19.04.2024 im Rahmen einer Autorenlesung zu Gast an der Leoschule und nahm die Kinder mit in die Lebenswelt der Patchwork-Geschwister Karline und Paul.&nbsp; Diesen Comic-Roman hat sie, gemeinsam mit ihrem Mann Patrick Krause, aus M\u00e4dchen- und Jungensicht geschrieben, sodass sowohl die Jungen als auch die M\u00e4dchen der Leoschule gebannt den Eintragungen im \u201eungeheimsten Tagebuch\u201c lauschten. Untermalt wurden die Erlebnisse der beiden Kinder mit tollen Comiczeichnungen von Kristina Nowothnig und sogar pers\u00f6nlichen Fotos aus dem Leben der Autorin. Die Kinder erfuhren mit einem Augenzwinkern, warum Paul in Unterhose am Sportunterricht teilnehmen musste und wie es dazu kam, dass er als Neuling in der Klasse direkt zum Klassensprecher gew\u00e4hlt wurde.<\/p>\n\n\n\n<script src=\"https:\/\/cdn.jsdelivr.net\/npm\/publicalbum@latest\/embed-ui.min.js\" async><\/script>\n<div class=\"pa-carousel-widget\" style=\"width:100%; height:480px; display:none;\"\n  data-link=\"https:\/\/photos.app.goo.gl\/E1QEHVP9aqtAYQRv8\"\n  data-title=\"Autorenlesung mit Anja Fr\u00f6hlich (4\/2024)\"\n  data-description=\"14 new items added to shared album\">\n  <object data=\"https:\/\/lh3.googleusercontent.com\/pw\/AP1GczNcK3Ad1UVqKHauikMM788aA5C-fle98zDn6dJqaigRc77F67pBy5VQcoOgZ07yAFgyDEqoYi3TvCBYyTLvPbH_4ZRHmAzDEcqwbWR0aeLJ6gw09lE=w1920-h1080\"><\/object>\n  <object data=\"https:\/\/lh3.googleusercontent.com\/pw\/AP1GczPsopX_qoc3mjOTKmyQ-PK1v6xgvTtiuxH3r0fd7zsq5S0GzfSDeoFDlCPH0Z-jl7mJcW_aAZqjd8e9xsC0gy0IRqOXtK7DPKEMo9yrnE50ajJhvXA=w1920-h1080\"><\/object>\n  <object data=\"https:\/\/lh3.googleusercontent.com\/pw\/AP1GczMQloXxo29c9PMEwC5E91hmXMJfWFmMs1n-gcwPHdKVShZOPUpUgdqRZ2Cph1oxbddtMwTA55zuhTjMDElPL-qDZFjAdO6ih4JKIoFyxu7C0-DURb8=w1920-h1080\"><\/object>\n  <object data=\"https:\/\/lh3.googleusercontent.com\/pw\/AP1GczN8RVqg8pLOlbDA_SyN22R_5UHjVnFbCwHTqGTM1_7htq1gaNtFdwNTFB2_gs-ebrQ2i0WN4_WS287Ob5NRHqEwjyqHwzpd0QbG2FP1-VZXkWk5WaE=w1920-h1080\"><\/object>\n  <object data=\"https:\/\/lh3.googleusercontent.com\/pw\/AP1GczPrNY9NYYP4MNOMU_G-Na7WnAlVFP24WYGLbahywZO49h_9gQEJHgCDnP8cLgySixiM8I5kIqSSpQrcwDLeytIssEFN7yba9ouQUVi-uxkAANFv1qI=w1920-h1080\"><\/object>\n  <object data=\"https:\/\/lh3.googleusercontent.com\/pw\/AP1GczMnEHMlVcPbeHLP3fCOFLOQ7txH4zAR6UYWDo-hIxnmjih3IO5xxyicPO4YgJKPi-OeGeSa3_oht2M7cIieg4hWm8oTz2XXSjCXIjaWFZfmnNIKkr0=w1920-h1080\"><\/object>\n  <object data=\"https:\/\/lh3.googleusercontent.com\/pw\/AP1GczMQJfljL2bUKFVps7OuEldMlDYf2ex72elOZKVjZ5x99yo3edSqoR2jnk9FwHdkcj7Soa81jrgJlbCkQr9Iu6K9uZaUdL55CRmOw75qhQWV4PZL4Io=w1920-h1080\"><\/object>\n  <object data=\"https:\/\/lh3.googleusercontent.com\/pw\/AP1GczOcloZl4Ny9h2m4b8GOtXeV2zSbC7bvFajofc5jLUQz_KaeHnP2KIzps2SyNQ0Io1Mk3GisK-e27JSJZXcgcPJXaYNCYUXdGqSKq9qHahL-zrxoJFU=w1920-h1080\"><\/object>\n  <object data=\"https:\/\/lh3.googleusercontent.com\/pw\/AP1GczN8VmCP8VCJwyd0LH5u_R7Lth9ASnx2jFcRxDuby3wFJaltClnkoH50RcqyUPdkANDVmVCLmsw2EHctn-yofG7ch-fMaCsLT1okq7boET5N56AmXhU=w1920-h1080\"><\/object>\n  <object data=\"https:\/\/lh3.googleusercontent.com\/pw\/AP1GczMyCkgaXlRLmIMopfgBOUPbiRWl-7oeqr3duPJoDTb4TO-potR92e7BgQwifuxLmx-CYBMWMgymbAQOiGom-e8AfyxnpjujXoWIN2WREO5bmoNjAog=w1920-h1080\"><\/object>\n  <object data=\"https:\/\/lh3.googleusercontent.com\/pw\/AP1GczOIXySGNi12dLO1J3bHaD00TCEvIozh_mx49FwKAAJF0v0awRJv-SReMAIHqr4XnOMTdaN8tV3xPYKlgGks9i8rtXDLuTFbS6KvMz9KVwOgjODr1XY=w1920-h1080\"><\/object>\n  <object data=\"https:\/\/lh3.googleusercontent.com\/pw\/AP1GczNVpKDFxYF9RZtHpZFa3LOWx8EaIuT7-LUOAGlCf__fsNoisDuIy1D0kj_H8jPy8MCIt0WId78yOrwSU9s_Lc6ggwgRJP0vEqo-XI3e0fP3htS4Sdg=w1920-h1080\"><\/object>\n  <object data=\"https:\/\/lh3.googleusercontent.com\/pw\/AP1GczM7g0_fqjsJisEQj_2_lnpR2oNoyFeNEgQDVNaquDmL3y2ZnKk0g6coAaq5dQB2RE8FrW3NLz2wFJgSRvmDuIPKbQm20xkeIEq1TCToCz3jVtkVOqo=w1920-h1080\"><\/object>\n  <object data=\"https:\/\/lh3.googleusercontent.com\/pw\/AP1GczPiI-yTHPxWEyr_A2QJ4BVFp2wjS6E0yrHaZiVAJgzquXypWaspSRpVCj-cI-yjkZYqHJVkhWawDlPNeSlcqV6blesqfkuHhi__BS9gX2QG7gQV8RE=w1920-h1080\"><\/object>\n<\/div>\n\n\n\n\n<p>An einem Thalia-B\u00fccherstand konnten die Kinder direkt im Anschluss an die Lesung die B\u00fccher der Reihe kaufen, um sie z.B. von Anja Fr\u00f6hlich signieren zu lassen. Au\u00dferdem hatte die Autorin auch Zeit f\u00fcr die Fragen der Kinder und f\u00fcr Autogrammw\u00fcnsche.<\/p>\n\n\n\n<p>Autorenlesungen wie diese sind ein wichtiger Baustein im weiten Feld der Lesef\u00f6rderung an der Leoschule. Denn f\u00fcr Kinder ist es immer ein besonderes Erlebnis, wenn sie Kinderbuchautoren, die aus ihren Werken vorlesen, pers\u00f6nlich kennen lernen und von Ihnen aus erster Hand erfahren, wie ein Kinderbuch entsteht, wie lange es dauert, bis ein Buch fertiggestellt ist und wie der Alltag einer Kinderbuchautorin aussieht. Durch diese unmittelbare und direkte Erfahrung werden die Kinder h\u00e4ufig zum Lesen und manchmal auch zum Schreiben animiert.&nbsp;<\/p>\n\n\n\n<p>Durch die finanzielle Unterst\u00fctzung der lokalen Dreik\u00f6nigsstiftung und des F\u00f6rdervereins der Leoschule konnte auch in diesem Jahr diese Lesung realisiert werden.<\/p>\n","protected":false},"excerpt":{"rendered":"<p>Dreik\u00f6nigsstiftung unterst\u00fctzt erneut Autorenlesungen an der Leoschule Zum mittlerweile dreizehnten Mal fand am Freitag die j\u00e4hrliche Kinderbuchautorenlesung an der Leoschule statt. Patchworkfamilien sind in der heutigen Zeit nichts Ungew\u00f6hnliches mehr und f\u00fcr immer mehr Kinder gelebte Normalit\u00e4t. Viele Kinder haben \u00e4lteren oder j\u00fcngere Halbgeschwister und m\u00fcssen dann mit diesen pl\u00f6tzlich und manchmal auch ungewollt zusammenleben. [&hellip;]<\/p>\n","protected":false},"author":2,"featured_media":0,"parent":0,"menu_order":0,"comment_status":"closed","ping_status":"closed","template":"","meta":{"site-sidebar-layout":"default","site-content-layout":"","ast-site-content-layout":"default","site-content-style":"default","site-sidebar-style":"default","ast-global-header-display":"","ast-banner-title-visibility":"","ast-main-header-display":"","ast-hfb-above-header-display":"","ast-hfb-below-header-display":"","ast-hfb-mobile-header-display":"","site-post-title":"","ast-breadcrumbs-content":"","ast-featured-img":"","footer-sml-layout":"","ast-disable-related-posts":"","theme-transparent-header-meta":"","adv-header-id-meta":"","stick-header-meta":"","header-above-stick-meta":"","header-main-stick-meta":"","header-below-stick-meta":"","astra-migrate-meta-layouts":"set","ast-page-background-enabled":"default","ast-page-background-meta":{"desktop":{"background-color":"var(--ast-global-color-4)","background-image":"","background-repeat":"repeat","background-position":"center center","background-size":"auto","background-attachment":"scroll","background-type":"","background-media":"","overlay-type":"","overlay-color":"","overlay-opacity":"","overlay-gradient":""},"tablet":{"background-color":"","background-image":"","background-repeat":"repeat","background-position":"center center","background-size":"auto","background-attachment":"scroll","background-type":"","background-media":"","overlay-type":"","overlay-color":"","overlay-opacity":"","overlay-gradient":""},"mobile":{"background-color":"","background-image":"","background-repeat":"repeat","background-position":"center center","background-size":"auto","background-attachment":"scroll","background-type":"","background-media":"","overlay-type":"","overlay-color":"","overlay-opacity":"","overlay-gradient":""}},"ast-content-background-meta":{"desktop":{"background-color":"var(--ast-global-color-5)","background-image":"","background-repeat":"repeat","background-position":"center center","background-size":"auto","background-attachment":"scroll","background-type":"","background-media":"","overlay-type":"","overlay-color":"","overlay-opacity":"","overlay-gradient":""},"tablet":{"background-color":"var(--ast-global-color-5)","background-image":"","background-repeat":"repeat","background-position":"center center","background-size":"auto","background-attachment":"scroll","background-type":"","background-media":"","overlay-type":"","overlay-color":"","overlay-opacity":"","overlay-gradient":""},"mobile":{"background-color":"var(--ast-global-color-5)","background-image":"","background-repeat":"repeat","background-position":"center center","background-size":"auto","background-attachment":"scroll","background-type":"","background-media":"","overlay-type":"","overlay-color":"","overlay-opacity":"","overlay-gradient":""}},"footnotes":""},"class_list":["post-1829","page","type-page","status-publish","hentry"],"yoast_head":"<!-- This site is optimized with the Yoast SEO plugin v27.4 - https:\/\/yoast.com\/product\/yoast-seo-wordpress\/ -->\n<title>Autorenlesung mit Anja Fr\u00f6hlich im April 2024 - Leoschule L\u00fcnen<\/title>\n<meta name=\"robots\" content=\"index, follow, max-snippet:-1, max-image-preview:large, max-video-preview:-1\" \/>\n<link rel=\"canonical\" href=\"https:\/\/www.leoschule-luenen.de\/index.php\/autorenlesung-mit-anja-froehlich\/\" \/>\n<meta property=\"og:locale\" content=\"de_DE\" \/>\n<meta property=\"og:type\" content=\"article\" \/>\n<meta property=\"og:title\" content=\"Autorenlesung mit Anja Fr\u00f6hlich im April 2024 - Leoschule L\u00fcnen\" \/>\n<meta property=\"og:description\" content=\"Dreik\u00f6nigsstiftung unterst\u00fctzt erneut Autorenlesungen an der Leoschule Zum mittlerweile dreizehnten Mal fand am Freitag die j\u00e4hrliche Kinderbuchautorenlesung an der Leoschule statt. Patchworkfamilien sind in der heutigen Zeit nichts Ungew\u00f6hnliches mehr und f\u00fcr immer mehr Kinder gelebte Normalit\u00e4t. Viele Kinder haben \u00e4lteren oder j\u00fcngere Halbgeschwister und m\u00fcssen dann mit diesen pl\u00f6tzlich und manchmal auch ungewollt zusammenleben. [&hellip;]\" \/>\n<meta property=\"og:url\" content=\"https:\/\/www.leoschule-luenen.de\/index.php\/autorenlesung-mit-anja-froehlich\/\" \/>\n<meta property=\"og:site_name\" content=\"Leoschule L\u00fcnen\" \/>\n<meta property=\"article:modified_time\" content=\"2024-05-06T05:14:51+00:00\" \/>\n<meta name=\"twitter:card\" content=\"summary_large_image\" \/>\n<meta name=\"twitter:label1\" content=\"Gesch\u00e4tzte Lesezeit\" \/>\n\t<meta name=\"twitter:data1\" content=\"2\u00a0Minuten\" \/>\n<script type=\"application\/ld+json\" class=\"yoast-schema-graph\">{\"@context\":\"https:\\\/\\\/schema.org\",\"@graph\":[{\"@type\":\"WebPage\",\"@id\":\"https:\\\/\\\/www.leoschule-luenen.de\\\/index.php\\\/autorenlesung-mit-anja-froehlich\\\/\",\"url\":\"https:\\\/\\\/www.leoschule-luenen.de\\\/index.php\\\/autorenlesung-mit-anja-froehlich\\\/\",\"name\":\"Autorenlesung mit Anja Fr\u00f6hlich im April 2024 - Leoschule L\u00fcnen\",\"isPartOf\":{\"@id\":\"https:\\\/\\\/www.leoschule-luenen.de\\\/#website\"},\"datePublished\":\"2024-05-06T05:10:44+00:00\",\"dateModified\":\"2024-05-06T05:14:51+00:00\",\"breadcrumb\":{\"@id\":\"https:\\\/\\\/www.leoschule-luenen.de\\\/index.php\\\/autorenlesung-mit-anja-froehlich\\\/#breadcrumb\"},\"inLanguage\":\"de\",\"potentialAction\":[{\"@type\":\"ReadAction\",\"target\":[\"https:\\\/\\\/www.leoschule-luenen.de\\\/index.php\\\/autorenlesung-mit-anja-froehlich\\\/\"]}]},{\"@type\":\"BreadcrumbList\",\"@id\":\"https:\\\/\\\/www.leoschule-luenen.de\\\/index.php\\\/autorenlesung-mit-anja-froehlich\\\/#breadcrumb\",\"itemListElement\":[{\"@type\":\"ListItem\",\"position\":1,\"name\":\"Startseite\",\"item\":\"https:\\\/\\\/www.leoschule-luenen.de\\\/\"},{\"@type\":\"ListItem\",\"position\":2,\"name\":\"Autorenlesung mit Anja Fr\u00f6hlich im April 2024\"}]},{\"@type\":\"WebSite\",\"@id\":\"https:\\\/\\\/www.leoschule-luenen.de\\\/#website\",\"url\":\"https:\\\/\\\/www.leoschule-luenen.de\\\/\",\"name\":\"Leoschule L\u00fcnen\",\"description\":\"St\u00e4dtische Katholische Grundschule\",\"publisher\":{\"@id\":\"https:\\\/\\\/www.leoschule-luenen.de\\\/#organization\"},\"potentialAction\":[{\"@type\":\"SearchAction\",\"target\":{\"@type\":\"EntryPoint\",\"urlTemplate\":\"https:\\\/\\\/www.leoschule-luenen.de\\\/?s={search_term_string}\"},\"query-input\":{\"@type\":\"PropertyValueSpecification\",\"valueRequired\":true,\"valueName\":\"search_term_string\"}}],\"inLanguage\":\"de\"},{\"@type\":\"Organization\",\"@id\":\"https:\\\/\\\/www.leoschule-luenen.de\\\/#organization\",\"name\":\"Leoschule\",\"url\":\"https:\\\/\\\/www.leoschule-luenen.de\\\/\",\"logo\":{\"@type\":\"ImageObject\",\"inLanguage\":\"de\",\"@id\":\"https:\\\/\\\/www.leoschule-luenen.de\\\/#\\\/schema\\\/logo\\\/image\\\/\",\"url\":\"https:\\\/\\\/www.leoschule-luenen.de\\\/wp-content\\\/uploads\\\/2021\\\/09\\\/cropped-LeoLogo-2.jpg\",\"contentUrl\":\"https:\\\/\\\/www.leoschule-luenen.de\\\/wp-content\\\/uploads\\\/2021\\\/09\\\/cropped-LeoLogo-2.jpg\",\"width\":342,\"height\":342,\"caption\":\"Leoschule\"},\"image\":{\"@id\":\"https:\\\/\\\/www.leoschule-luenen.de\\\/#\\\/schema\\\/logo\\\/image\\\/\"}}]}<\/script>\n<!-- \/ Yoast SEO plugin. -->","yoast_head_json":{"title":"Autorenlesung mit Anja Fr\u00f6hlich im April 2024 - Leoschule L\u00fcnen","robots":{"index":"index","follow":"follow","max-snippet":"max-snippet:-1","max-image-preview":"max-image-preview:large","max-video-preview":"max-video-preview:-1"},"canonical":"https:\/\/www.leoschule-luenen.de\/index.php\/autorenlesung-mit-anja-froehlich\/","og_locale":"de_DE","og_type":"article","og_title":"Autorenlesung mit Anja Fr\u00f6hlich im April 2024 - Leoschule L\u00fcnen","og_description":"Dreik\u00f6nigsstiftung unterst\u00fctzt erneut Autorenlesungen an der Leoschule Zum mittlerweile dreizehnten Mal fand am Freitag die j\u00e4hrliche Kinderbuchautorenlesung an der Leoschule statt. Patchworkfamilien sind in der heutigen Zeit nichts Ungew\u00f6hnliches mehr und f\u00fcr immer mehr Kinder gelebte Normalit\u00e4t. Viele Kinder haben \u00e4lteren oder j\u00fcngere Halbgeschwister und m\u00fcssen dann mit diesen pl\u00f6tzlich und manchmal auch ungewollt zusammenleben. [&hellip;]","og_url":"https:\/\/www.leoschule-luenen.de\/index.php\/autorenlesung-mit-anja-froehlich\/","og_site_name":"Leoschule L\u00fcnen","article_modified_time":"2024-05-06T05:14:51+00:00","twitter_card":"summary_large_image","twitter_misc":{"Gesch\u00e4tzte Lesezeit":"2\u00a0Minuten"},"schema":{"@context":"https:\/\/schema.org","@graph":[{"@type":"WebPage","@id":"https:\/\/www.leoschule-luenen.de\/index.php\/autorenlesung-mit-anja-froehlich\/","url":"https:\/\/www.leoschule-luenen.de\/index.php\/autorenlesung-mit-anja-froehlich\/","name":"Autorenlesung mit Anja Fr\u00f6hlich im April 2024 - Leoschule L\u00fcnen","isPartOf":{"@id":"https:\/\/www.leoschule-luenen.de\/#website"},"datePublished":"2024-05-06T05:10:44+00:00","dateModified":"2024-05-06T05:14:51+00:00","breadcrumb":{"@id":"https:\/\/www.leoschule-luenen.de\/index.php\/autorenlesung-mit-anja-froehlich\/#breadcrumb"},"inLanguage":"de","potentialAction":[{"@type":"ReadAction","target":["https:\/\/www.leoschule-luenen.de\/index.php\/autorenlesung-mit-anja-froehlich\/"]}]},{"@type":"BreadcrumbList","@id":"https:\/\/www.leoschule-luenen.de\/index.php\/autorenlesung-mit-anja-froehlich\/#breadcrumb","itemListElement":[{"@type":"ListItem","position":1,"name":"Startseite","item":"https:\/\/www.leoschule-luenen.de\/"},{"@type":"ListItem","position":2,"name":"Autorenlesung mit Anja Fr\u00f6hlich im April 2024"}]},{"@type":"WebSite","@id":"https:\/\/www.leoschule-luenen.de\/#website","url":"https:\/\/www.leoschule-luenen.de\/","name":"Leoschule L\u00fcnen","description":"St\u00e4dtische Katholische Grundschule","publisher":{"@id":"https:\/\/www.leoschule-luenen.de\/#organization"},"potentialAction":[{"@type":"SearchAction","target":{"@type":"EntryPoint","urlTemplate":"https:\/\/www.leoschule-luenen.de\/?s={search_term_string}"},"query-input":{"@type":"PropertyValueSpecification","valueRequired":true,"valueName":"search_term_string"}}],"inLanguage":"de"},{"@type":"Organization","@id":"https:\/\/www.leoschule-luenen.de\/#organization","name":"Leoschule","url":"https:\/\/www.leoschule-luenen.de\/","logo":{"@type":"ImageObject","inLanguage":"de","@id":"https:\/\/www.leoschule-luenen.de\/#\/schema\/logo\/image\/","url":"https:\/\/www.leoschule-luenen.de\/wp-content\/uploads\/2021\/09\/cropped-LeoLogo-2.jpg","contentUrl":"https:\/\/www.leoschule-luenen.de\/wp-content\/uploads\/2021\/09\/cropped-LeoLogo-2.jpg","width":342,"height":342,"caption":"Leoschule"},"image":{"@id":"https:\/\/www.leoschule-luenen.de\/#\/schema\/logo\/image\/"}}]}},"_links":{"self":[{"href":"https:\/\/www.leoschule-luenen.de\/index.php\/wp-json\/wp\/v2\/pages\/1829","targetHints":{"allow":["GET"]}}],"collection":[{"href":"https:\/\/www.leoschule-luenen.de\/index.php\/wp-json\/wp\/v2\/pages"}],"about":[{"href":"https:\/\/www.leoschule-luenen.de\/index.php\/wp-json\/wp\/v2\/types\/page"}],"author":[{"embeddable":true,"href":"https:\/\/www.leoschule-luenen.de\/index.php\/wp-json\/wp\/v2\/users\/2"}],"replies":[{"embeddable":true,"href":"https:\/\/www.leoschule-luenen.de\/index.php\/wp-json\/wp\/v2\/comments?post=1829"}],"version-history":[{"count":2,"href":"https:\/\/www.leoschule-luenen.de\/index.php\/wp-json\/wp\/v2\/pages\/1829\/revisions"}],"predecessor-version":[{"id":1834,"href":"https:\/\/www.leoschule-luenen.de\/index.php\/wp-json\/wp\/v2\/pages\/1829\/revisions\/1834"}],"wp:attachment":[{"href":"https:\/\/www.leoschule-luenen.de\/index.php\/wp-json\/wp\/v2\/media?parent=1829"}],"curies":[{"name":"wp","href":"https:\/\/api.w.org\/{rel}","templated":true}]}}